{"id":8378,"date":"2019-12-02T08:15:49","date_gmt":"2019-12-02T06:15:49","guid":{"rendered":"https:\/\/www.cavalieriretail.com\/?p=3711"},"modified":"2019-12-02T08:15:49","modified_gmt":"2019-12-02T06:15:49","slug":"cerimoniale-di-vendita-a-natale","status":"publish","type":"cretail","link":"https:\/\/cavalieriretail.com\/en\/cretail\/cerimoniale-di-vendita-a-natale\/","title":{"rendered":"Cerimoniale di vendita a Natale"},"content":{"rendered":"<p>Ormai ci siamo, Il Natale \u00e8 alle porte: le citt\u00e0 si colorano di luci scintillanti, si profumano di odori di cannella e vin brul\u00e8, fioriscono i tipici mercatini di Natale nelle zone pedonali e tra la gente si inizia a sviluppare quella sensazione di ovattata complicit\u00e0 alla ricerca del regalo originale che, come da tradizione, si suole scambiare in questo periodo.<\/p>\n<p>Un\u2019orchestra di stimoli che suona coordinata all\u2019unisono, e nelle strade \u00e8 un brulicare di gente infagottata in sciarpe cappotti e guanti, con corredo di una.. due.. tante shopper.<\/p>\n<h5>Cos\u2019\u00e8 che fa scattare nella gente questo mood di forte propensione all\u2019acquisto durante il periodo di Natale?<\/h5>\n<p>Certo, c\u2019\u00e8 il forte peso della tradizione.\u00a0Ma vediamolo da un punto di vista squisitamente retail.<\/p>\n<p>Innanzitutto il \u201ccontenitore\u201d, inteso come l\u2019<strong><em>environment<\/em><\/strong>, una sorta di macroscenografia diffusa in tutte le zone urbane ad alta intensit\u00e0 di shopping che parla solo ed esclusivamente un solo linguaggio ricco di codici condivisi: il tema Natale.<\/p>\n<p>E quindi il colore rosso che predomina, dai tappeti alle vetrine nei negozi, mixato con il luccichio del colore oro, argento, e ciuffi di riproduzione di neve che spuntano nelle vetrine, insieme a dolci ed evocative melodie delle zampogne o alle classiche musiche natalizie diffuse in tutte le <em>shopping street<\/em>, insieme a profumi tipici di cannella o vino caldo offerto da barbuti signori vestiti da testimonial dell\u2019evento, Babbo Natale, tanto amato dai bambini e perch\u00e9 no, dai meno bambini anagraficamente.<\/p>\n<p>L\u2019obiettivo del retailer \u00e8: <strong>sollecitare tutti i sensi per potenziare il mood<\/strong>.<\/p>\n<p>Passiamo poi al \u201ccontenuto\u201d: come continua tutto questo mood natalizio all\u2019interno dei negozi? E\u2019 un fiorire di prodotti pronti a saltare temporaneamente nelle shopper dei consumatori, per essere adagiati ai piedi di luccicanti alberi di Natale in tutte le case ed essere finalmente scartati tra urla di stupore, di packaging gi\u00e0 predestinati al regalo, di strutture di visual merchandising e di elementi multisensoriali che suggeriscono e supportano la forte predisposizione alla ricerca del verosimile regalo giusto.<\/p>\n<p>L\u2019obiettivo del retailer \u00e8: <strong>negozio pieno, prodotto facile da trovare, scenografia impattante e funzionale.<\/strong><\/p>\n<p>E poi, il <strong>\u201cservizio\u201d <\/strong>inteso come la relazione in store tra il team di vendita e il cliente. Il team di vendita parte gi\u00e0 con un discreto vantaggio: la forte predisposizione all\u2019acquisto del cliente, un numero di ingressi che raggiunge un picco considerevole durante questo magico periodo. Come capitalizzare questi vantaggi ?<\/p>\n<p>Vogliamo individuare almeno tre fattori determinanti:<\/p>\n<ol>\n<li>Adottare un modello di <strong>relazione soft e positivo<\/strong>, in completa coerenza con lo spirito si\u2019 natalizio, ma anche con la voglia del cliente di identificare quel prodotto che \u201cfar\u00e0 fare bella figura\u201d quando sar\u00e0 donato. Scoprire con qualche domanda le particolarit\u00e0 di chi ricever\u00e0 il regalo permetter\u00e0 di snellire la fase di proposta.<\/li>\n<li><strong> Efficienza<\/strong>, la capacit\u00e0 di gestire diversi clienti simultaneamente, quindi come prerequisito la conoscenza dell\u2019assortimento e lo <em>storytelling<\/em> breve ma pertinente, valorizzando i punti di interesse del destinatario del regalo, e la capacit\u00e0 di saper lavorare con un focus molto concentrato e a ritmo elevato.<\/li>\n<li><strong>Passaparola<\/strong>: \u00e8 un periodo in cui magari il cliente entra per la prima volta nel negozio, e quindi allenare la capacit\u00e0 di saper cogliere l\u2019opportunit\u00e0 di imprimere nella esperienza del cliente la qualit\u00e0 del team di vendita pu\u00f2 allargare il traffico per i periodi extra evento di Natale, di modo da farlo diventare <strong>ambasciatore del tuo brand<\/strong>.<\/li>\n<\/ol>\n<p>Si apre anche un\u2019altra considerazione di non poco conto: l\u2019impatto degli acquisti online, negli ultimi anni, ha visto crescite a doppia cifra, complice l\u2019evoluzione delle modalit\u00e0 di sviluppo delle piattaforme commerciale che permettono ampia scelta a prezzi concorrenziali, e tempi di consegna molto brevi. E forse anche per il cliente sfilarsi dalle inevitabili code e affollamenti dei negozi tipico di questo periodo \u00e8 un incentivo a virare sull\u2019acquisto online.<\/p>\n<p>I due modelli coesistono e coesisteranno, perch\u00e9 noi clienti abbiamo bisogno sia dell\u2019efficienza e comodit\u00e0 dell\u2019acquisto in rete, e delle calde vibrazioni di un caloroso \u201cLe auguro un Natale davvero buono\u201d, donato dall\u2019energia che si sapr\u00e0 far vivere in store.<\/p>\n<p>Foto di <strong>Jill Wellington<\/strong> da <strong>Pexels<\/strong>    \t<\/p>\n","protected":false},"excerpt":{"rendered":"<p>Ormai ci siamo, Il Natale \u00e8 alle porte: le citt\u00e0 si colorano di luci scintillanti, si profumano di odori di cannella e vin brul\u00e8, fioriscono i tipici mercatini di Natale nelle zone pedonali e tra la gente si inizia a sviluppare quella sensazione di ovattata complicit\u00e0 alla ricerca del regalo originale che, come da tradizione,&#8230;<\/p>\n","protected":false},"author":94,"featured_media":5447,"template":"","meta":{"inline_featured_image":false},"categoria_cretail":[687,688],"tag_cretail":[1057],"numeri_cretail":[],"acf":[],"yoast_head":"<!-- This site is optimized with the Yoast SEO plugin v20.11 - https:\/\/yoast.com\/wordpress\/plugins\/seo\/ -->\n<title>Cerimoniale di vendita a Natale - Cavalieri Retail<\/title>\n<meta name=\"robots\" content=\"index, follow, max-snippet:-1, max-image-preview:large, max-video-preview:-1\" \/>\n<link rel=\"canonical\" href=\"https:\/\/cavalieriretail.com\/en\/cretail\/cerimoniale-di-vendita-a-natale\/\" \/>\n<meta property=\"og:locale\" content=\"en_US\" \/>\n<meta property=\"og:type\" content=\"article\" \/>\n<meta property=\"og:title\" content=\"Cerimoniale di vendita a Natale - Cavalieri Retail\" \/>\n<meta property=\"og:description\" content=\"Ormai ci siamo, Il Natale \u00e8 alle porte: le citt\u00e0 si colorano di luci scintillanti, si profumano di odori di cannella e vin brul\u00e8, fioriscono i tipici mercatini di Natale nelle zone pedonali e tra la gente si inizia a sviluppare quella sensazione di ovattata complicit\u00e0 alla ricerca del regalo originale che, come da tradizione,...\" \/>\n<meta property=\"og:url\" content=\"https:\/\/cavalieriretail.com\/en\/cretail\/cerimoniale-di-vendita-a-natale\/\" \/>\n<meta property=\"og:site_name\" content=\"Cavalieri Retail\" \/>\n<meta property=\"article:publisher\" content=\"https:\/\/www.facebook.com\/cavalieriretail\" \/>\n<meta property=\"og:image\" content=\"https:\/\/cavalieriretail.com\/wp-content\/uploads\/2019\/12\/pexels-jill-wellington-3309659-scaled-1.jpg\" \/>\n\t<meta property=\"og:image:width\" content=\"1920\" \/>\n\t<meta property=\"og:image:height\" content=\"1280\" \/>\n\t<meta property=\"og:image:type\" content=\"image\/jpeg\" \/>\n<meta name=\"twitter:card\" content=\"summary_large_image\" \/>\n<meta name=\"twitter:label1\" content=\"Est. reading time\" \/>\n\t<meta name=\"twitter:data1\" content=\"4 minutes\" \/>\n<script type=\"application\/ld+json\" class=\"yoast-schema-graph\">{\"@context\":\"https:\/\/schema.org\",\"@graph\":[{\"@type\":\"WebPage\",\"@id\":\"https:\/\/cavalieriretail.com\/en\/cretail\/cerimoniale-di-vendita-a-natale\/\",\"url\":\"https:\/\/cavalieriretail.com\/en\/cretail\/cerimoniale-di-vendita-a-natale\/\",\"name\":\"Cerimoniale di vendita a Natale - Cavalieri Retail\",\"isPartOf\":{\"@id\":\"https:\/\/cavalieriretail.com\/en\/#website\"},\"datePublished\":\"2019-12-02T06:15:49+00:00\",\"dateModified\":\"2019-12-02T06:15:49+00:00\",\"breadcrumb\":{\"@id\":\"https:\/\/cavalieriretail.com\/en\/cretail\/cerimoniale-di-vendita-a-natale\/#breadcrumb\"},\"inLanguage\":\"en-US\",\"potentialAction\":[{\"@type\":\"ReadAction\",\"target\":[\"https:\/\/cavalieriretail.com\/en\/cretail\/cerimoniale-di-vendita-a-natale\/\"]}]},{\"@type\":\"BreadcrumbList\",\"@id\":\"https:\/\/cavalieriretail.com\/en\/cretail\/cerimoniale-di-vendita-a-natale\/#breadcrumb\",\"itemListElement\":[{\"@type\":\"ListItem\",\"position\":1,\"name\":\"Home\",\"item\":\"https:\/\/cavalieriretail.com\/en\/the-evolution-of-retail\/\"},{\"@type\":\"ListItem\",\"position\":2,\"name\":\"Cerimoniale di vendita a Natale\"}]},{\"@type\":\"WebSite\",\"@id\":\"https:\/\/cavalieriretail.com\/en\/#website\",\"url\":\"https:\/\/cavalieriretail.com\/en\/\",\"name\":\"Cavalieri Retail\",\"description\":\"\",\"publisher\":{\"@id\":\"https:\/\/cavalieriretail.com\/en\/#organization\"},\"potentialAction\":[{\"@type\":\"SearchAction\",\"target\":{\"@type\":\"EntryPoint\",\"urlTemplate\":\"https:\/\/cavalieriretail.com\/en\/?s={search_term_string}\"},\"query-input\":\"required name=search_term_string\"}],\"inLanguage\":\"en-US\"},{\"@type\":\"Organization\",\"@id\":\"https:\/\/cavalieriretail.com\/en\/#organization\",\"name\":\"Cavalieri Retail\",\"url\":\"https:\/\/cavalieriretail.com\/en\/\",\"logo\":{\"@type\":\"ImageObject\",\"inLanguage\":\"en-US\",\"@id\":\"https:\/\/cavalieriretail.com\/en\/#\/schema\/logo\/image\/\",\"url\":\"https:\/\/cavalieriretail.com\/wp-content\/uploads\/2023\/07\/logo-cavalieri.png\",\"contentUrl\":\"https:\/\/cavalieriretail.com\/wp-content\/uploads\/2023\/07\/logo-cavalieri.png\",\"width\":455,\"height\":92,\"caption\":\"Cavalieri Retail\"},\"image\":{\"@id\":\"https:\/\/cavalieriretail.com\/en\/#\/schema\/logo\/image\/\"},\"sameAs\":[\"https:\/\/www.facebook.com\/cavalieriretail\"]}]}<\/script>\n<!-- \/ Yoast SEO plugin. -->","yoast_head_json":{"title":"Cerimoniale di vendita a Natale - Cavalieri Retail","robots":{"index":"index","follow":"follow","max-snippet":"max-snippet:-1","max-image-preview":"max-image-preview:large","max-video-preview":"max-video-preview:-1"},"canonical":"https:\/\/cavalieriretail.com\/en\/cretail\/cerimoniale-di-vendita-a-natale\/","og_locale":"en_US","og_type":"article","og_title":"Cerimoniale di vendita a Natale - Cavalieri Retail","og_description":"Ormai ci siamo, Il Natale \u00e8 alle porte: le citt\u00e0 si colorano di luci scintillanti, si profumano di odori di cannella e vin brul\u00e8, fioriscono i tipici mercatini di Natale nelle zone pedonali e tra la gente si inizia a sviluppare quella sensazione di ovattata complicit\u00e0 alla ricerca del regalo originale che, come da tradizione,...","og_url":"https:\/\/cavalieriretail.com\/en\/cretail\/cerimoniale-di-vendita-a-natale\/","og_site_name":"Cavalieri Retail","article_publisher":"https:\/\/www.facebook.com\/cavalieriretail","og_image":[{"width":1920,"height":1280,"url":"https:\/\/cavalieriretail.com\/wp-content\/uploads\/2019\/12\/pexels-jill-wellington-3309659-scaled-1.jpg","type":"image\/jpeg"}],"twitter_card":"summary_large_image","twitter_misc":{"Est. reading time":"4 minutes"},"schema":{"@context":"https:\/\/schema.org","@graph":[{"@type":"WebPage","@id":"https:\/\/cavalieriretail.com\/en\/cretail\/cerimoniale-di-vendita-a-natale\/","url":"https:\/\/cavalieriretail.com\/en\/cretail\/cerimoniale-di-vendita-a-natale\/","name":"Cerimoniale di vendita a Natale - Cavalieri Retail","isPartOf":{"@id":"https:\/\/cavalieriretail.com\/en\/#website"},"datePublished":"2019-12-02T06:15:49+00:00","dateModified":"2019-12-02T06:15:49+00:00","breadcrumb":{"@id":"https:\/\/cavalieriretail.com\/en\/cretail\/cerimoniale-di-vendita-a-natale\/#breadcrumb"},"inLanguage":"en-US","potentialAction":[{"@type":"ReadAction","target":["https:\/\/cavalieriretail.com\/en\/cretail\/cerimoniale-di-vendita-a-natale\/"]}]},{"@type":"BreadcrumbList","@id":"https:\/\/cavalieriretail.com\/en\/cretail\/cerimoniale-di-vendita-a-natale\/#breadcrumb","itemListElement":[{"@type":"ListItem","position":1,"name":"Home","item":"https:\/\/cavalieriretail.com\/en\/the-evolution-of-retail\/"},{"@type":"ListItem","position":2,"name":"Cerimoniale di vendita a Natale"}]},{"@type":"WebSite","@id":"https:\/\/cavalieriretail.com\/en\/#website","url":"https:\/\/cavalieriretail.com\/en\/","name":"Cavalieri Retail","description":"","publisher":{"@id":"https:\/\/cavalieriretail.com\/en\/#organization"},"potentialAction":[{"@type":"SearchAction","target":{"@type":"EntryPoint","urlTemplate":"https:\/\/cavalieriretail.com\/en\/?s={search_term_string}"},"query-input":"required name=search_term_string"}],"inLanguage":"en-US"},{"@type":"Organization","@id":"https:\/\/cavalieriretail.com\/en\/#organization","name":"Cavalieri Retail","url":"https:\/\/cavalieriretail.com\/en\/","logo":{"@type":"ImageObject","inLanguage":"en-US","@id":"https:\/\/cavalieriretail.com\/en\/#\/schema\/logo\/image\/","url":"https:\/\/cavalieriretail.com\/wp-content\/uploads\/2023\/07\/logo-cavalieri.png","contentUrl":"https:\/\/cavalieriretail.com\/wp-content\/uploads\/2023\/07\/logo-cavalieri.png","width":455,"height":92,"caption":"Cavalieri Retail"},"image":{"@id":"https:\/\/cavalieriretail.com\/en\/#\/schema\/logo\/image\/"},"sameAs":["https:\/\/www.facebook.com\/cavalieriretail"]}]}},"_links":{"self":[{"href":"https:\/\/cavalieriretail.com\/en\/wp-json\/wp\/v2\/cretail\/8378"}],"collection":[{"href":"https:\/\/cavalieriretail.com\/en\/wp-json\/wp\/v2\/cretail"}],"about":[{"href":"https:\/\/cavalieriretail.com\/en\/wp-json\/wp\/v2\/types\/cretail"}],"author":[{"embeddable":true,"href":"https:\/\/cavalieriretail.com\/en\/wp-json\/wp\/v2\/users\/94"}],"version-history":[{"count":0,"href":"https:\/\/cavalieriretail.com\/en\/wp-json\/wp\/v2\/cretail\/8378\/revisions"}],"wp:featuredmedia":[{"embeddable":true,"href":"https:\/\/cavalieriretail.com\/en\/wp-json\/wp\/v2\/media\/5447"}],"wp:attachment":[{"href":"https:\/\/cavalieriretail.com\/en\/wp-json\/wp\/v2\/media?parent=8378"}],"wp:term":[{"taxonomy":"categoria_cretail","embeddable":true,"href":"https:\/\/cavalieriretail.com\/en\/wp-json\/wp\/v2\/categoria_cretail?post=8378"},{"taxonomy":"tag_cretail","embeddable":true,"href":"https:\/\/cavalieriretail.com\/en\/wp-json\/wp\/v2\/tag_cretail?post=8378"},{"taxonomy":"numeri_cretail","embeddable":true,"href":"https:\/\/cavalieriretail.com\/en\/wp-json\/wp\/v2\/numeri_cretail?post=8378"}],"curies":[{"name":"wp","href":"https:\/\/api.w.org\/{rel}","templated":true}]}}